{"id":539,"date":"2024-09-18T15:39:46","date_gmt":"2024-09-18T13:39:46","guid":{"rendered":"https:\/\/toscanelli.ms2.decms.eu\/?page_id=539"},"modified":"2024-10-22T17:01:59","modified_gmt":"2024-10-22T15:01:59","slug":"palais-de-la-raison-place-des-herbes-et-place-des-fruits","status":"publish","type":"page","link":"https:\/\/www.toscanelli.com\/fr\/alentours\/palais-de-la-raison-place-des-herbes-et-place-des-fruits\/","title":{"rendered":"Palais de la Raison, Place des Herbes et Place des Fruits"},"content":{"rendered":"<p>Le <strong>palais de la Raison<\/strong>, \u00e9rig\u00e9 en 1218 et sur\u00e9lev\u00e9 en 1306 par Giovanni des Eremitani, \u00e9tait le si\u00e8ge des tribunaux citadins.<\/p>\n<p>L\u2019\u00e9tage sup\u00e9rieur est occup\u00e9 par une des plus grandes salles suspendues au monde, appel\u00e9e \u00abSalon\u00bb (87mx27m au sol pour une hauteur de 27m) au plafond de bois constitu\u00e9 de voutes.<br \/>\nLe salon donne \u00e0 voir un magnifique cycle de fresques dont le th\u00e8me est l\u2019astrologie (1425-1440) qui reprend les th\u00e9ories de Pietro d\u2019Abano sur les influences des astres dans la vie et dans les activit\u00e9s des hommes.<br \/>\nDans la salle est conserv\u00e9 un gigantesque cheval de bois construit en 1466 \u00e0 l\u2019occasion de joutes.<\/p>\n<p>Au 1\u00b0 \u00e9tage, dans l\u2019ainsi nomm\u00e9 \u00ab\u00a0Sottosalone\u00a0\u00bb s\u2019alignent des marchands typiques padouens o\u00f9 vous pourrez trouver et gouter les meilleures sp\u00e9cialit\u00e9s.<\/p>\n<p>Le Palais domine les deux grandes <strong>places des Herbes et des Fruits<\/strong>, si\u00e8ges des pittoresques et vivaces march\u00e9s journaliers.<\/p>\n","protected":false},"excerpt":{"rendered":"<p>Le palais de la Raison, \u00e9rig\u00e9 en 1218 et sur\u00e9lev\u00e9 en 1306 par Giovanni des Eremitani, \u00e9tait le si\u00e8ge des tribunaux citadins. L\u2019\u00e9tage sup\u00e9rieur est occup\u00e9 par une des plus grandes salles suspendues au monde, appel\u00e9e \u00abSalon\u00bb (87mx27m au sol pour une hauteur de 27m) au plafond de bois constitu\u00e9 de voutes. Le salon donne [&hellip;]<\/p>\n","protected":false},"author":26,"featured_media":0,"parent":510,"menu_order":80,"comment_status":"closed","ping_status":"closed","template":"template-default-4.php","meta":{"footnotes":""},"class_list":["post-539","page","type-page","status-publish","hentry"],"yoast_head":"<!-- This site is optimized with the Yoast SEO plugin v27.3 - https:\/\/yoast.com\/product\/yoast-seo-wordpress\/ -->\n<title>Palais de la Raison, Place des Herbes et Place des Fruits &#183; Hotel Majestic Toscanelli &#183;<\/title>\n<meta name=\"description\" content=\"Le palais de la Raison, \u00e9rig\u00e9 en 1218 et sur\u00e9lev\u00e9 en 1306 par Giovanni des Eremitani, \u00e9tait le si\u00e8ge des tribunaux citadins.  L\u2019\u00e9tage sup\u00e9rieur est occup\u00e9 par une des plus grandes salles suspendues au monde, appel\u00e9e \u00abSalon\u00bb (87mx27m au sol pour une hauteur de 27m) au plafond de bois constitu\u00e9 de voutes. Le salon donne \u00e0 voir un magnifique cycle de fresques dont le th\u00e8me est l\u2019astrologie (1425-1440) qui reprend les th\u00e9ories de Pietro d\u2019Abano sur les influences des astres dans la vie et dans les activit\u00e9s des hommes. Dans la salle est conserv\u00e9 un gigantesque cheval de bois construit en 1466 \u00e0 l\u2019occasion de joutes.  Au 1\u00b0 \u00e9tage, dans l\u2019ainsi nomm\u00e9 \u00ab\u00a0Sottosalone\u00a0\u00bb s\u2019alignent des marchands typiques padouens o\u00f9 vous pourrez trouver et gouter les meilleures sp\u00e9cialit\u00e9s.  Le Palais domine les deux grandes places des Herbes et des Fruits, si\u00e8ges des pittoresques et vivaces march\u00e9s journaliers..\" \/>\n<meta name=\"robots\" content=\"index, follow, max-snippet:-1, max-image-preview:large, max-video-preview:-1\" \/>\n<link rel=\"canonical\" href=\"https:\/\/www.toscanelli.com\/fr\/alentours\/palais-de-la-raison-place-des-herbes-et-place-des-fruits\/\" \/>\n<meta property=\"og:locale\" content=\"fr_FR\" \/>\n<meta property=\"og:type\" content=\"article\" \/>\n<meta property=\"og:title\" content=\"Palais de la Raison, Place des Herbes et Place des Fruits &#183; Hotel Majestic Toscanelli &#183;\" \/>\n<meta property=\"og:description\" content=\"Le palais de la Raison, \u00e9rig\u00e9 en 1218 et sur\u00e9lev\u00e9 en 1306 par Giovanni des Eremitani, \u00e9tait le si\u00e8ge des tribunaux citadins.  L\u2019\u00e9tage sup\u00e9rieur est occup\u00e9 par une des plus grandes salles suspendues au monde, appel\u00e9e \u00abSalon\u00bb (87mx27m au sol pour une hauteur de 27m) au plafond de bois constitu\u00e9 de voutes. Le salon donne \u00e0 voir un magnifique cycle de fresques dont le th\u00e8me est l\u2019astrologie (1425-1440) qui reprend les th\u00e9ories de Pietro d\u2019Abano sur les influences des astres dans la vie et dans les activit\u00e9s des hommes. Dans la salle est conserv\u00e9 un gigantesque cheval de bois construit en 1466 \u00e0 l\u2019occasion de joutes.  Au 1\u00b0 \u00e9tage, dans l\u2019ainsi nomm\u00e9 \u00ab\u00a0Sottosalone\u00a0\u00bb s\u2019alignent des marchands typiques padouens o\u00f9 vous pourrez trouver et gouter les meilleures sp\u00e9cialit\u00e9s.  Le Palais domine les deux grandes places des Herbes et des Fruits, si\u00e8ges des pittoresques et vivaces march\u00e9s journaliers..\" \/>\n<meta property=\"og:url\" content=\"https:\/\/www.toscanelli.com\/fr\/alentours\/palais-de-la-raison-place-des-herbes-et-place-des-fruits\/\" \/>\n<meta property=\"og:site_name\" content=\"Hotel Majestic Toscanelli\" \/>\n<meta property=\"article:publisher\" content=\"https:\/\/www.facebook.com\/pages\/Majestic-Toscanelli-Hotel\/114599601894384\" \/>\n<meta property=\"article:modified_time\" content=\"2024-10-22T15:01:59+00:00\" \/>\n<meta name=\"twitter:card\" content=\"summary_large_image\" \/>\n<meta name=\"twitter:label1\" content=\"Dur\u00e9e de lecture estim\u00e9e\" \/>\n\t<meta name=\"twitter:data1\" content=\"1 minute\" \/>\n<script type=\"application\/ld+json\" class=\"yoast-schema-graph\">{\"@context\":\"https:\\\/\\\/schema.org\",\"@graph\":[{\"@type\":\"WebPage\",\"@id\":\"https:\\\/\\\/www.toscanelli.com\\\/fr\\\/alentours\\\/palais-de-la-raison-place-des-herbes-et-place-des-fruits\\\/\",\"url\":\"https:\\\/\\\/www.toscanelli.com\\\/fr\\\/alentours\\\/palais-de-la-raison-place-des-herbes-et-place-des-fruits\\\/\",\"name\":\"Palais de la Raison, Place des Herbes et Place des Fruits &#183; Hotel Majestic Toscanelli &#183;\",\"isPartOf\":{\"@id\":\"https:\\\/\\\/www.toscanelli.com\\\/fr\\\/#website\"},\"datePublished\":\"2024-09-18T13:39:46+00:00\",\"dateModified\":\"2024-10-22T15:01:59+00:00\",\"description\":\"Le palais de la Raison, \u00e9rig\u00e9 en 1218 et sur\u00e9lev\u00e9 en 1306 par Giovanni des Eremitani, \u00e9tait le si\u00e8ge des tribunaux citadins. L\u2019\u00e9tage sup\u00e9rieur est occup\u00e9 par une des plus grandes salles suspendues au monde, appel\u00e9e \u00abSalon\u00bb (87mx27m au sol pour une hauteur de 27m) au plafond de bois constitu\u00e9 de voutes. Le salon donne \u00e0 voir un magnifique cycle de fresques dont le th\u00e8me est l\u2019astrologie (1425-1440) qui reprend les th\u00e9ories de Pietro d\u2019Abano sur les influences des astres dans la vie et dans les activit\u00e9s des hommes. Dans la salle est conserv\u00e9 un gigantesque cheval de bois construit en 1466 \u00e0 l\u2019occasion de joutes. Au 1\u00b0 \u00e9tage, dans l\u2019ainsi nomm\u00e9 \u00ab\u00a0Sottosalone\u00a0\u00bb s\u2019alignent des marchands typiques padouens o\u00f9 vous pourrez trouver et gouter les meilleures sp\u00e9cialit\u00e9s. Le Palais domine les deux grandes places des Herbes et des Fruits, si\u00e8ges des pittoresques et vivaces march\u00e9s journaliers..\",\"breadcrumb\":{\"@id\":\"https:\\\/\\\/www.toscanelli.com\\\/fr\\\/alentours\\\/palais-de-la-raison-place-des-herbes-et-place-des-fruits\\\/#breadcrumb\"},\"inLanguage\":\"fr-FR\",\"potentialAction\":[{\"@type\":\"ReadAction\",\"target\":[\"https:\\\/\\\/www.toscanelli.com\\\/fr\\\/alentours\\\/palais-de-la-raison-place-des-herbes-et-place-des-fruits\\\/\"]}]},{\"@type\":\"BreadcrumbList\",\"@id\":\"https:\\\/\\\/www.toscanelli.com\\\/fr\\\/alentours\\\/palais-de-la-raison-place-des-herbes-et-place-des-fruits\\\/#breadcrumb\",\"itemListElement\":[{\"@type\":\"ListItem\",\"position\":1,\"name\":\"Home\",\"item\":\"https:\\\/\\\/www.toscanelli.com\\\/fr\\\/\"},{\"@type\":\"ListItem\",\"position\":2,\"name\":\"Alentours\",\"item\":\"https:\\\/\\\/www.toscanelli.com\\\/fr\\\/dintorni\\\/\"},{\"@type\":\"ListItem\",\"position\":3,\"name\":\"Palais de la Raison, Place des Herbes et Place des Fruits\"}]},{\"@type\":\"WebSite\",\"@id\":\"https:\\\/\\\/www.toscanelli.com\\\/fr\\\/#website\",\"url\":\"https:\\\/\\\/www.toscanelli.com\\\/fr\\\/\",\"name\":\"Hotel Majestic Toscanelli\",\"description\":\"\",\"potentialAction\":[{\"@type\":\"SearchAction\",\"target\":{\"@type\":\"EntryPoint\",\"urlTemplate\":\"https:\\\/\\\/www.toscanelli.com\\\/fr\\\/?s={search_term_string}\"},\"query-input\":{\"@type\":\"PropertyValueSpecification\",\"valueRequired\":true,\"valueName\":\"search_term_string\"}}],\"inLanguage\":\"fr-FR\"}]}<\/script>\n<!-- \/ Yoast SEO plugin. -->","yoast_head_json":{"title":"Palais de la Raison, Place des Herbes et Place des Fruits &#183; Hotel Majestic Toscanelli &#183;","description":"Le palais de la Raison, \u00e9rig\u00e9 en 1218 et sur\u00e9lev\u00e9 en 1306 par Giovanni des Eremitani, \u00e9tait le si\u00e8ge des tribunaux citadins.  L\u2019\u00e9tage sup\u00e9rieur est occup\u00e9 par une des plus grandes salles suspendues au monde, appel\u00e9e \u00abSalon\u00bb (87mx27m au sol pour une hauteur de 27m) au plafond de bois constitu\u00e9 de voutes. Le salon donne \u00e0 voir un magnifique cycle de fresques dont le th\u00e8me est l\u2019astrologie (1425-1440) qui reprend les th\u00e9ories de Pietro d\u2019Abano sur les influences des astres dans la vie et dans les activit\u00e9s des hommes. Dans la salle est conserv\u00e9 un gigantesque cheval de bois construit en 1466 \u00e0 l\u2019occasion de joutes.  Au 1\u00b0 \u00e9tage, dans l\u2019ainsi nomm\u00e9 \u00ab\u00a0Sottosalone\u00a0\u00bb s\u2019alignent des marchands typiques padouens o\u00f9 vous pourrez trouver et gouter les meilleures sp\u00e9cialit\u00e9s.  Le Palais domine les deux grandes places des Herbes et des Fruits, si\u00e8ges des pittoresques et vivaces march\u00e9s journaliers..","robots":{"index":"index","follow":"follow","max-snippet":"max-snippet:-1","max-image-preview":"max-image-preview:large","max-video-preview":"max-video-preview:-1"},"canonical":"https:\/\/www.toscanelli.com\/fr\/alentours\/palais-de-la-raison-place-des-herbes-et-place-des-fruits\/","og_locale":"fr_FR","og_type":"article","og_title":"Palais de la Raison, Place des Herbes et Place des Fruits &#183; Hotel Majestic Toscanelli &#183;","og_description":"Le palais de la Raison, \u00e9rig\u00e9 en 1218 et sur\u00e9lev\u00e9 en 1306 par Giovanni des Eremitani, \u00e9tait le si\u00e8ge des tribunaux citadins.  L\u2019\u00e9tage sup\u00e9rieur est occup\u00e9 par une des plus grandes salles suspendues au monde, appel\u00e9e \u00abSalon\u00bb (87mx27m au sol pour une hauteur de 27m) au plafond de bois constitu\u00e9 de voutes. Le salon donne \u00e0 voir un magnifique cycle de fresques dont le th\u00e8me est l\u2019astrologie (1425-1440) qui reprend les th\u00e9ories de Pietro d\u2019Abano sur les influences des astres dans la vie et dans les activit\u00e9s des hommes. Dans la salle est conserv\u00e9 un gigantesque cheval de bois construit en 1466 \u00e0 l\u2019occasion de joutes.  Au 1\u00b0 \u00e9tage, dans l\u2019ainsi nomm\u00e9 \u00ab\u00a0Sottosalone\u00a0\u00bb s\u2019alignent des marchands typiques padouens o\u00f9 vous pourrez trouver et gouter les meilleures sp\u00e9cialit\u00e9s.  Le Palais domine les deux grandes places des Herbes et des Fruits, si\u00e8ges des pittoresques et vivaces march\u00e9s journaliers..","og_url":"https:\/\/www.toscanelli.com\/fr\/alentours\/palais-de-la-raison-place-des-herbes-et-place-des-fruits\/","og_site_name":"Hotel Majestic Toscanelli","article_publisher":"https:\/\/www.facebook.com\/pages\/Majestic-Toscanelli-Hotel\/114599601894384","article_modified_time":"2024-10-22T15:01:59+00:00","twitter_card":"summary_large_image","twitter_misc":{"Dur\u00e9e de lecture estim\u00e9e":"1 minute"},"schema":{"@context":"https:\/\/schema.org","@graph":[{"@type":"WebPage","@id":"https:\/\/www.toscanelli.com\/fr\/alentours\/palais-de-la-raison-place-des-herbes-et-place-des-fruits\/","url":"https:\/\/www.toscanelli.com\/fr\/alentours\/palais-de-la-raison-place-des-herbes-et-place-des-fruits\/","name":"Palais de la Raison, Place des Herbes et Place des Fruits &#183; Hotel Majestic Toscanelli &#183;","isPartOf":{"@id":"https:\/\/www.toscanelli.com\/fr\/#website"},"datePublished":"2024-09-18T13:39:46+00:00","dateModified":"2024-10-22T15:01:59+00:00","description":"Le palais de la Raison, \u00e9rig\u00e9 en 1218 et sur\u00e9lev\u00e9 en 1306 par Giovanni des Eremitani, \u00e9tait le si\u00e8ge des tribunaux citadins. L\u2019\u00e9tage sup\u00e9rieur est occup\u00e9 par une des plus grandes salles suspendues au monde, appel\u00e9e \u00abSalon\u00bb (87mx27m au sol pour une hauteur de 27m) au plafond de bois constitu\u00e9 de voutes. Le salon donne \u00e0 voir un magnifique cycle de fresques dont le th\u00e8me est l\u2019astrologie (1425-1440) qui reprend les th\u00e9ories de Pietro d\u2019Abano sur les influences des astres dans la vie et dans les activit\u00e9s des hommes. Dans la salle est conserv\u00e9 un gigantesque cheval de bois construit en 1466 \u00e0 l\u2019occasion de joutes. Au 1\u00b0 \u00e9tage, dans l\u2019ainsi nomm\u00e9 \u00ab\u00a0Sottosalone\u00a0\u00bb s\u2019alignent des marchands typiques padouens o\u00f9 vous pourrez trouver et gouter les meilleures sp\u00e9cialit\u00e9s. Le Palais domine les deux grandes places des Herbes et des Fruits, si\u00e8ges des pittoresques et vivaces march\u00e9s journaliers..","breadcrumb":{"@id":"https:\/\/www.toscanelli.com\/fr\/alentours\/palais-de-la-raison-place-des-herbes-et-place-des-fruits\/#breadcrumb"},"inLanguage":"fr-FR","potentialAction":[{"@type":"ReadAction","target":["https:\/\/www.toscanelli.com\/fr\/alentours\/palais-de-la-raison-place-des-herbes-et-place-des-fruits\/"]}]},{"@type":"BreadcrumbList","@id":"https:\/\/www.toscanelli.com\/fr\/alentours\/palais-de-la-raison-place-des-herbes-et-place-des-fruits\/#breadcrumb","itemListElement":[{"@type":"ListItem","position":1,"name":"Home","item":"https:\/\/www.toscanelli.com\/fr\/"},{"@type":"ListItem","position":2,"name":"Alentours","item":"https:\/\/www.toscanelli.com\/fr\/dintorni\/"},{"@type":"ListItem","position":3,"name":"Palais de la Raison, Place des Herbes et Place des Fruits"}]},{"@type":"WebSite","@id":"https:\/\/www.toscanelli.com\/fr\/#website","url":"https:\/\/www.toscanelli.com\/fr\/","name":"Hotel Majestic Toscanelli","description":"","potentialAction":[{"@type":"SearchAction","target":{"@type":"EntryPoint","urlTemplate":"https:\/\/www.toscanelli.com\/fr\/?s={search_term_string}"},"query-input":{"@type":"PropertyValueSpecification","valueRequired":true,"valueName":"search_term_string"}}],"inLanguage":"fr-FR"}]}},"acf":[],"_links":{"self":[{"href":"https:\/\/www.toscanelli.com\/fr\/wp-json\/wp\/v2\/pages\/539","targetHints":{"allow":["GET"]}}],"collection":[{"href":"https:\/\/www.toscanelli.com\/fr\/wp-json\/wp\/v2\/pages"}],"about":[{"href":"https:\/\/www.toscanelli.com\/fr\/wp-json\/wp\/v2\/types\/page"}],"author":[{"embeddable":true,"href":"https:\/\/www.toscanelli.com\/fr\/wp-json\/wp\/v2\/users\/26"}],"replies":[{"embeddable":true,"href":"https:\/\/www.toscanelli.com\/fr\/wp-json\/wp\/v2\/comments?post=539"}],"version-history":[{"count":0,"href":"https:\/\/www.toscanelli.com\/fr\/wp-json\/wp\/v2\/pages\/539\/revisions"}],"up":[{"embeddable":true,"href":"https:\/\/www.toscanelli.com\/fr\/wp-json\/wp\/v2\/pages\/510"}],"wp:attachment":[{"href":"https:\/\/www.toscanelli.com\/fr\/wp-json\/wp\/v2\/media?parent=539"}],"curies":[{"name":"wp","href":"https:\/\/api.w.org\/{rel}","templated":true}]}}